{"id":6152,"date":"2025-10-29T06:14:05","date_gmt":"2025-10-29T05:14:05","guid":{"rendered":"https:\/\/schachclub-floersheim.de\/wp\/?post_type=tribe_events&#038;p=6152"},"modified":"2025-11-13T19:38:37","modified_gmt":"2025-11-13T18:38:37","slug":"jahreshauptversammlung-2025","status":"publish","type":"tribe_events","link":"https:\/\/schachclub-floersheim.de\/wp\/event\/jahreshauptversammlung-2025\/","title":{"rendered":"Jahreshauptversammlung 2025"},"content":{"rendered":"<div  class=\"tribe-events-schedule tribe-clearfix\" >\n\t<p class=\"tribe-events-schedule__datetime\">\n\t\t<span class=\"tribe-events-schedule__date tribe-events-schedule__date--start\">\n\t\t\tNovember 28, 2025\t\t<\/span>\n\n\t\t\t\t\t<span class=\"tribe-events-schedule__separator tribe-events-schedule__separator--date\">\n\t\t\t\t@\t\t\t<\/span>\n\t\t\t<span class=\"tribe-events-schedule__time tribe-events-schedule__time--start\">\n\t\t\t\t8:00 p.m.\t\t\t<\/span>\n\t\t\n\t\t\t\t\t\t\t\t\t<span class=\"tribe-events-schedule__separator tribe-events-schedule__separator--time\">\n\t\t\t\t\t&#8211;\t\t\t\t<\/span>\n\t\t\t\n\t\t\t\t\t\t\t<span class=\"tribe-events-schedule__time tribe-events-schedule__time--end\">\n\t\t\t\t\t10:30 p.m.\t\t\t\t<\/span>\n\t\t\t\n\t\t\t\t\t\t<\/p>\n<\/div>\n\n\n\n<p>Hiermit m\u00f6chten wir alle Vereinsmitglieder (Jugendliche und Eltern sind auch herzlich willkommen) zur diesj\u00e4hrigen Jahreshauptversammlung 2025 einladen.<\/p>\n\n\n\n<p><strong>Termin: FREITAG <\/strong><strong>den 28.11.25 um 20.00 Uhr (Dauer ca. 2 Std )<\/strong><\/p>\n\n\n\n<p>Ort<strong>:<\/strong><strong> Stadthalle Fl\u00f6rsheim Clubr\u00e4ume<\/strong><\/p>\n\n\n\n<p><strong>Agenda:<\/strong><\/p>\n\n\n\n<p>1. Begr\u00fc\u00dfung und Er\u00f6ffnung<\/p>\n\n\n\n<p>2. Berichte der Vorstandsmitglieder<\/p>\n\n\n\n<p>3. Bericht der Kassenpr\u00fcfer<\/p>\n\n\n\n<p>4. Entlastung des Vorstandes<\/p>\n\n\n\n<p>5. <strong>Wahl der 2. Vorstands\u00e4mter und vakanter Vergn\u00fcgungsausschuss<\/strong><\/p>\n\n\n\n<p>6. Antr\u00e4ge (sind sp\u00e4testens eine Woche vor der Versammlung an den Vorstand einzureichen)<\/p>\n\n\n\n<p>7. Verschiedenes (u.a. Weihnachstfeier)<\/p>\n\n\n\n<p>WICHTIG: Um beschlussf\u00e4hig zu sein, ist eine hohe Teilnehmerzahl erforderlich. .&nbsp;<\/p>\n\n\n\n<p>Mit freundlichen Gr\u00fc\u00dfen<\/p>\n\n\n\n<p>Vorstand Schachclub Fl\u00f6rsheim<\/p>\n\n\n\n<p><\/p>\n\n\n\n<p>*** Protokoll von 2024 ***<\/p>\n\n\n\n<p><strong>Protokoll der Jahreshauptversammlung 2024 des Schachclub Fl\u00f6rsheim<\/strong><\/p>\n\n\n\n<p>Anwesend am 18. Oktober 2024, 20 bis 22.10 Uhr: 19 stimmberechtigte Mitglieder. Damit war die Beschlussf\u00e4higkeit (bei einer Gesamt-Mitgliederzahl von 95) gegeben.<\/p>\n\n\n\n<p>Nach<\/p>\n\n\n\n<p><strong>1. Begr\u00fc\u00dfung und Er\u00f6ffnung<\/strong><\/p>\n\n\n\n<p>durch den Vorsitzenden Wolfgang Ruppert folgte eine Gedenkminute f\u00fcr die verstorbenen Vereinsmitglieder.<\/p>\n\n\n\n<p><strong>2. Berichte der Vorstandsmitglieder \/ Entlastung Kassierer und Vorstand<\/strong><\/p>\n\n\n\n<p>Das Protokoll der JHV 2023 war der Einladung schriftlich beigef\u00fcgt und wurde von der Versammlung genehmigt.<\/p>\n\n\n\n<p>Vorsitzender Ruppert referierte die Mitgliederentwicklung, deren Zahl zwischenzeitlich \u00fcber der Hundert gelegen hat und aktuell 95 betr\u00e4gt, und berichtete vom guten Abschneiden (kein Abstieg) der inzwischen sechs Mannschaften in der Verbandsrunde. Es gebe viel zu organisieren; der Verein habe ob des Andrangs einen weiteren Raum in der Stadthalle angemietet, sei aber jetzt personell an der Grenze. Auch beim Jugendschach freitags sei die Teilnahme konstant hoch; inzwischen nehme auch ein halbes Dutzend M\u00e4dchen teil. Der H\u00f6hepunkt im Vereinsleben sei einmal mehr die Weihnachtsfeier mit 60 G\u00e4sten, einer Reihe von Einlagen und einer attraktiven Tombola gewesen.<\/p>\n\n\n\n<p>Ruppert w\u00fcrdigte die Spenden der Firma Graulich f\u00fcr den Schachclub und ebenso die von Markus Lahr gestaltete Homepage. Der \u00dcbergang von der alten zur neuen Seite sei hervorragend gelungen; die Fl\u00f6rsheimer Homepage sei eine der besten in der Main-Taunus-Schachvereinigung.<\/p>\n\n\n\n<p>Sorgen jedoch macht dem Vorsitzenden die manchmal sehr geringe Beteiligung beim Spielabend am Freitag. Einmal mehr will man sich in der Vereinsf\u00fchrung dar\u00fcber Gedanken machen.<\/p>\n\n\n\n<p>In Vertretung von Jugendleiter Wahid Jamali berichtete Ruppert von Fl\u00f6rsheimer Turnierbesuchen (u.a. in Zeilsheim und Hofheim) und k\u00fcndigte die MTS-Einzelmeisterschaften der Jugend am 9. und 10. November in Fl\u00f6rsheim an.<\/p>\n\n\n\n<p>Turnierleiter Uwe P\u00f6tschke z\u00e4hlte eine Reihe erfolgreicher Fl\u00f6rsheimer Auftritte bei Schach-Events auf. Herausgestellt wurde Wolfgang Ruppert, der im Januar bei der Deutschen Amateurmeisterschaft in Bad Wildungen die A-Gruppe gewonnen und sich f\u00fcr die Hessische Einzelmeisterschaft im Oktober in Darmstadt qualifiziert hatte, wo er allerdings in einem starken Feld von Schachmeistern keine Titelchancen hatte. Herausgestellt wurde auch Michael Budde, der beim 17. Wormser Nibelungen-Open das B-Turnier unter 104 Teilnehmern gewonnen hat. Insgesamt gab es Fl\u00f6rsheimer Teilnahmen bei 31 Turnieren mit 144 DWZ-Auswertungen. Davon entfielen acht auf Dominik Schwarz, den eifrigsten Turnierteilnehmer des Schachclubs. Die gr\u00f6\u00dfte Steigerung bei der DWZ gab es f\u00fcr Jasmin Yamali, die ihre Leistung umd 260 Punkte steigerte.<\/p>\n\n\n\n<p>Den Vereinspokal des Schachclubs gewann Dominik Schwarz im Finale gegen Alexander Stegmaier. Neuer und alter Vereinsmeister wurde Rekordsieger Wolfgang Ruppert. Die Gruppe B gewann Frederik Schwarz; die Gruppe C Kamil Memis.<\/p>\n\n\n\n<p>Auch Turnierleiter P\u00f6tschke w\u00fcrdigte die \u201ezufriedenstellende\u201c Verbandsrunde 2023\/24, in der alle sechs Mannschaften ihre Klasse gehalten haben. Zu denken gebe jedoch die Vielzahl an kampflosen Partien. Auch P\u00f6tschke beklagte den schlechten Start in die Verbandsrunde, bei dem alle sechs Mannschaften verloren, eine sogar kampflos. Derartige Aufstellungsprobleme werde man ab dem zweiten Spieltag wohl nicht mehr haben.<\/p>\n\n\n\n<p>Vergn\u00fcgungsausschuss Thomas Seidel gab kurze R\u00fcckblicke auf die Weihnachtsfeier (\u201eganz toll\u201c) und das Sommerfest im Sch\u00fctzpark, bei dem einige st\u00e4dtische Auflagen zu beachten waren. So hatte man einigen Aufwand, einen Elektrogrill zu besorgen.<\/p>\n\n\n\n<p>Materialwart Kai H\u00fcbner berichtete, dass das Spielematerial teilweise erneuert wurde. Jetzt gelte es, die Uhren wegen neuer Vorgaben der Schachverb\u00e4nde zu pr\u00fcfen, ob sie f\u00fcr den Spielbetrieb noch geeignet seien. Auch die Akkus der Uhren m\u00fcssten gecheckt werden. Beklagenswert sei die andauernde Unordnung im Schachschrank in den Clubr\u00e4umen.<\/p>\n\n\n\n<p>Kassenwart Dominik Schwarz freute sich \u00fcber ein kleines Plus von 63 Euro im Vereinsjahr. Das sei auch einem \u201ekonsequenteren Einziehen\u201c der Mitgliedsbeitr\u00e4ge zu verdanken. Zudem habe er einige passive Mitglieder abgemeldet, um Beitr\u00e4ge an die Verb\u00e4nde einzusparen. Und bei der Weihnachtsfeier zahlten inzwischen auch die Mitglieder einen kleinen Obulus. (Details zum Kassenbericht im Anhang.)<\/p>\n\n\n\n<p>F\u00fcr die Kassenpr\u00fcfer stellte Lukas Platt die korrekte Kassenf\u00fchrung heraus und beantragte die Entlastung des Kassierers und des Vorstands, die darauf hin einstimmig erfolgte.&nbsp;<\/p>\n\n\n\n<p><strong>3. Wahl der ersten Vorstands\u00e4mter<\/strong><\/p>\n\n\n\n<p>Alle Wahlen erfolgten einstimmig bei Enthaltung der Betroffenen.<\/p>\n\n\n\n<p>\u2013 Vorsitzender: Wolfgang Ruppert<\/p>\n\n\n\n<p>\u2013 Jugendleiter: Wahid Jamali<\/p>\n\n\n\n<p>\u2013 Turnierleiter: Uwe P\u00f6tschke<\/p>\n\n\n\n<p>\u2013 Kassierer: Dominik Schwarz<\/p>\n\n\n\n<p>\u2013 Schriftf\u00fchrer (und Pressewart): Alfred Bender<\/p>\n\n\n\n<p>\u2013 Vergn\u00fcgungsausschuss: bleibt vakant<\/p>\n\n\n\n<p>\u2013 Schachwart: Daniel Juhasz<\/p>\n\n\n\n<p>\u2013 Beisitzer: Lukas Platt und Thomas Seidel<\/p>\n\n\n\n<p>Zu Kassenpr\u00fcfern w\u00e4hlte die Versammlung Kai H\u00fcbner und Christian Schneider.<\/p>\n\n\n\n<p><strong>4. Verschiedenes<\/strong><\/p>\n\n\n\n<p>Ab 1. Januar 2024 sollen die Beitr\u00e4ge um jeweils 10 Euro erh\u00f6ht werden auf<\/p>\n\n\n\n<p>\u2013 50 Euro Jugend, Studenten und Ruhest\u00e4ndler<\/p>\n\n\n\n<p>\u2013 70 Euro Erwachsene und<\/p>\n\n\n\n<p>\u2013 110 Euro Familien<\/p>\n\n\n\n<p>F\u00fcr das Weihnachtsblitz (6. Dezember) und die Weihnachtsfeier (13. Dezember) wurden die Termine fixiert. Die n\u00e4chste Verbandsrunde ist am 3. November.<\/p>\n\n\n\n<p>gez: Alfred Bender, Schriftf\u00fchrer<\/p>\n\n\n\n<ul class=\"wp-block-list\">\n<li><\/li>\n<\/ul>\n\n\n<div  class=\"tribe-block tribe-block__event-price\" >\n\t\t<\/div>\n\n\n\n\n<div  class=\"tribe-block tribe-block__venue tribe-clearfix\" >\n\t\n\t\t\n\t<\/div>\n\n\n\n\n\t<div  class=\"tribe-block tribe-block__events-link\" >\n\t\t<div class=\"tribe-events tribe-common\">\n\t\t\t<div class=\"tribe-events-c-subscribe-dropdown__container\">\n\t\t\t\t<div class=\"tribe-events-c-subscribe-dropdown\">\n\t\t\t\t\t<div class=\"tribe-common-c-btn-border tribe-events-c-subscribe-dropdown__button\">\n\t\t\t\t\t\t<svg\n\t class=\"tribe-common-c-svgicon tribe-common-c-svgicon--cal-export tribe-events-c-subscribe-dropdown__export-icon\" \taria-hidden=\"true\"\n\tviewBox=\"0 0 23 17\"\n\txmlns=\"http:\/\/www.w3.org\/2000\/svg\"\n>\n\t<path fill-rule=\"evenodd\" clip-rule=\"evenodd\" d=\"M.128.896V16.13c0 .211.145.383.323.383h15.354c.179 0 .323-.172.323-.383V.896c0-.212-.144-.383-.323-.383H.451C.273.513.128.684.128.896Zm16 6.742h-.901V4.679H1.009v10.729h14.218v-3.336h.901V7.638ZM1.01 1.614h14.218v2.058H1.009V1.614Z\" \/>\n\t<path d=\"M20.5 9.846H8.312M18.524 6.953l2.89 2.909-2.855 2.855\" stroke-width=\"1.2\" stroke-linecap=\"round\" stroke-linejoin=\"round\"\/>\n<\/svg>\n\t\t\t\t\t\t<button\n\t\t\t\t\t\t\tclass=\"tribe-events-c-subscribe-dropdown__button-text\"\n\t\t\t\t\t\t\taria-expanded=\"false\"\n\t\t\t\t\t\t\taria-controls=\"tribe-events-subscribe-dropdown-content\"\n\t\t\t\t\t\t\taria-label=\"Zeige Links an um Veranstaltungen zu deinem Kalender hinzuzuf\u00fcgen\"\n\t\t\t\t\t\t>\n\t\t\t\t\t\t\tZum Kalender hinzuf\u00fcgen\t\t\t\t\t\t<\/button>\n\t\t\t\t\t\t<svg\n\t class=\"tribe-common-c-svgicon tribe-common-c-svgicon--caret-down tribe-events-c-subscribe-dropdown__button-icon\" \taria-hidden=\"true\"\n\tviewBox=\"0 0 10 7\"\n\txmlns=\"http:\/\/www.w3.org\/2000\/svg\"\n>\n\t<path fill-rule=\"evenodd\" clip-rule=\"evenodd\" d=\"M1.008.609L5 4.6 8.992.61l.958.958L5 6.517.05 1.566l.958-.958z\" class=\"tribe-common-c-svgicon__svg-fill\"\/>\n<\/svg>\n\t\t\t\t\t<\/div>\n\t\t\t\t\t<div id=\"tribe-events-subscribe-dropdown-content\" class=\"tribe-events-c-subscribe-dropdown__content\">\n\t\t\t\t\t\t<ul class=\"tribe-events-c-subscribe-dropdown__list\">\n\t\t\t\t\t\t\t\t\t\t\t\t\t\t\t<li class=\"tribe-events-c-subscribe-dropdown__list-item tribe-events-c-subscribe-dropdown__list-item--gcal\">\n\t\t\t\t\t\t\t\t\t<a\n\t\t\t\t\t\t\t\t\t\thref=\"https:\/\/www.google.com\/calendar\/event?action=TEMPLATE&#038;dates=20251128T200000\/20251128T223000&#038;text=Jahreshauptversammlung%202025&#038;details=%3Cp%3EHiermit+m%C3%B6chten+wir+alle+Vereinsmitglieder+%28Jugendliche+und+Eltern+sind+auch+herzlich+willkommen%29+zur+diesj%C3%A4hrigen+Jahreshauptversammlung+2025+einladen.%3C%2Fp%3E+%3Cp%3E%3Cstrong%3ETermin%3A+FREITAG+%3C%2Fstrong%3E%3Cstrong%3Eden+28.11.25+um+20.00+Uhr+%28Dauer+ca.+2+Std+%29%3C%2Fstrong%3E%3C%2Fp%3E+%3Cp%3EOrt%3Cstrong%3E%3A%3C%2Fstrong%3E%3Cstrong%3E+Stadthalle+Fl%C3%B6rsheim+Clubr%C3%A4ume%3C%2Fstrong%3E%3C%2Fp%3E+%3Cp%3E%3Cstrong%3EAgenda%3A%3C%2Fstrong%3E%3C%2Fp%3E+%3Cp%3E1.+Begr%C3%BC%C3%9Fung+und+Er%C3%B6ffnung%3C%2Fp%3E+%3Cp%3E2.+Berichte+der+Vorstandsmitglieder%3C%2Fp%3E+%3Cp%3E3.+Bericht+der+Kassenpr%C3%BCfer%3C%2Fp%3E+%3Cp%3E4.+Entlastung+des+Vorstandes%3C%2Fp%3E+%3Cp%3E5.+%3Cstrong%3EWahl+der+2.+Vorstands%C3%A4mter+und+vakanter+Vergn%C3%BCgungsausschuss%3C%2Fstrong%3E%3C%2Fp%3E+%3Cp%3E6.+Antr%C3%A4ge+%28sind+sp%C3%A4testens+eine+Woche+vor+der+Versammlung+an+den+Vorstand+einzureichen%29%3C%2Fp%3E+%3Cp%3E7.+Verschiedenes+%28u.a.+Weihnachstfeier%29%3C%2Fp%3E+%3Cp%3EWICHTIG%3A+Um+beschlussf%C3%A4hig+zu+sein%2C+ist+eine+hohe+Teilnehmerzahl+erforderlich.+.%26nbsp%3B%3C%2Fp%3E+%3Cp%3EMit+freundlichen+Gr%C3%BC%C3%9Fen%3C%2Fp%3E+%3Cp%3EVorstand+Schachclub+Fl%C3%B6rsheim%3C%2Fp%3E+%3Cp%3E%3C%2Fp%3E++%28Zeige+vollst%C3%A4ndige+Veranstaltung-Beschreibung+hier+an%3A+https%3A%2F%2Fschachclub-floersheim.de%2Fwp%2Fevent%2Fjahreshauptversammlung-2025%2F%29&#038;trp=false&#038;ctz=Europe\/Berlin&#038;sprop=website:https:\/\/schachclub-floersheim.de\/wp\"\n\t\t\t\t\t\t\t\t\t\tclass=\"tribe-events-c-subscribe-dropdown__list-item-link\"\n\t\t\t\t\t\t\t\t\t\ttarget=\"_blank\"\n\t\t\t\t\t\t\t\t\t\trel=\"noopener noreferrer nofollow noindex\"\n\t\t\t\t\t\t\t\t\t>\n\t\t\t\t\t\t\t\t\t\tGoogle Kalender\t\t\t\t\t\t\t\t\t<\/a>\n\t\t\t\t\t\t\t\t<\/li>\n\t\t\t\t\t\t\t\t\t\t\t\t\t\t\t<li class=\"tribe-events-c-subscribe-dropdown__list-item tribe-events-c-subscribe-dropdown__list-item--ical\">\n\t\t\t\t\t\t\t\t\t<a\n\t\t\t\t\t\t\t\t\t\thref=\"\"\n\t\t\t\t\t\t\t\t\t\tclass=\"tribe-events-c-subscribe-dropdown__list-item-link\"\n\t\t\t\t\t\t\t\t\t\ttarget=\"_blank\"\n\t\t\t\t\t\t\t\t\t\trel=\"noopener noreferrer nofollow noindex\"\n\t\t\t\t\t\t\t\t\t>\n\t\t\t\t\t\t\t\t\t\tiCalendar\t\t\t\t\t\t\t\t\t<\/a>\n\t\t\t\t\t\t\t\t<\/li>\n\t\t\t\t\t\t\t\t\t\t\t\t\t\t\t<li class=\"tribe-events-c-subscribe-dropdown__list-item tribe-events-c-subscribe-dropdown__list-item--outlook-365\">\n\t\t\t\t\t\t\t\t\t<a\n\t\t\t\t\t\t\t\t\t\thref=\"\"\n\t\t\t\t\t\t\t\t\t\tclass=\"tribe-events-c-subscribe-dropdown__list-item-link\"\n\t\t\t\t\t\t\t\t\t\ttarget=\"_blank\"\n\t\t\t\t\t\t\t\t\t\trel=\"noopener noreferrer nofollow noindex\"\n\t\t\t\t\t\t\t\t\t>\n\t\t\t\t\t\t\t\t\t\tOutlook 365\t\t\t\t\t\t\t\t\t<\/a>\n\t\t\t\t\t\t\t\t<\/li>\n\t\t\t\t\t\t\t\t\t\t\t\t\t\t\t<li class=\"tribe-events-c-subscribe-dropdown__list-item tribe-events-c-subscribe-dropdown__list-item--outlook-live\">\n\t\t\t\t\t\t\t\t\t<a\n\t\t\t\t\t\t\t\t\t\thref=\"\"\n\t\t\t\t\t\t\t\t\t\tclass=\"tribe-events-c-subscribe-dropdown__list-item-link\"\n\t\t\t\t\t\t\t\t\t\ttarget=\"_blank\"\n\t\t\t\t\t\t\t\t\t\trel=\"noopener noreferrer nofollow noindex\"\n\t\t\t\t\t\t\t\t\t>\n\t\t\t\t\t\t\t\t\t\tOutlook Live\t\t\t\t\t\t\t\t\t<\/a>\n\t\t\t\t\t\t\t\t<\/li>\n\t\t\t\t\t\t\t\t\t\t\t\t\t<\/ul>\n\t\t\t\t\t<\/div>\n\t\t\t\t<\/div>\n\t\t\t<\/div>\n\t\t<\/div>\n\t<\/div>\n\n","protected":false},"excerpt":{"rendered":"<div class=\"mh-excerpt\"><p>Hiermit m\u00f6chten wir alle Vereinsmitglieder (Jugendliche und Eltern sind auch herzlich willkommen) zur diesj\u00e4hrigen Jahreshauptversammlung 2025 einladen. Termin: FREITAG den 28.11.25 um 20.00 Uhr (Dauer <a class=\"mh-excerpt-more\" href=\"https:\/\/schachclub-floersheim.de\/wp\/event\/jahreshauptversammlung-2025\/\" title=\"Jahreshauptversammlung 2025\">[&#8230;]<\/a><\/p>\n<\/div>","protected":false},"author":2,"featured_media":0,"template":"","meta":{"_uag_custom_page_level_css":"","_EventAllDay":false,"_EventTimezone":"Europe\/Berlin","_EventStartDate":"2025-11-28 20:00:00","_EventEndDate":"2025-11-28 22:30:00","_EventStartDateUTC":"2025-11-28 19:00:00","_EventEndDateUTC":"2025-11-28 21:30:00","_EventShowMap":false,"_EventShowMapLink":false,"_EventURL":"","_EventCost":"","_EventCostDescription":"","_EventCurrencySymbol":"$","_EventCurrencyCode":"USD","_EventCurrencyPosition":"prefix","_EventDateTimeSeparator":"@","_EventTimeRangeSeparator":"-","_EventOrganizerID":[],"_EventVenueID":[],"_OrganizerEmail":"","_OrganizerPhone":"","_OrganizerWebsite":"","_VenueAddress":"","_VenueCity":"","_VenueCountry":"","_VenueProvince":"","_VenueState":"","_VenueZip":"","_VenuePhone":"","_VenueURL":"","_VenueStateProvince":"","_VenueLat":"","_VenueLng":"","_VenueShowMap":false,"_VenueShowMapLink":false,"_kadence_starter_templates_imported_post":false,"_tribe_events_status":"","_tribe_events_status_reason":"","footnotes":""},"tags":[],"tribe_events_cat":[],"class_list":["post-6152","tribe_events","type-tribe_events","status-publish","hentry"],"uagb_featured_image_src":{"full":false,"thumbnail":false,"medium":false,"medium_large":false,"large":false,"1536x1536":false,"2048x2048":false,"mh-magazine-lite-slider":false,"mh-magazine-lite-content":false,"mh-magazine-lite-large":false,"mh-magazine-lite-medium":false,"mh-magazine-lite-small":false},"uagb_author_info":{"display_name":"SCF_1921_Redakteur","author_link":"https:\/\/schachclub-floersheim.de\/wp\/author\/scf_1921_redakteur\/"},"uagb_comment_info":0,"uagb_excerpt":"Hiermit m\u00f6chten wir alle Vereinsmitglieder (Jugendliche und Eltern sind auch herzlich willkommen) zur diesj\u00e4hrigen Jahreshauptversammlung 2025 einladen. Termin: FREITAG den 28.11.25 um 20.00 Uhr (Dauer [...]","_links":{"self":[{"href":"https:\/\/schachclub-floersheim.de\/wp\/wp-json\/wp\/v2\/tribe_events\/6152","targetHints":{"allow":["GET"]}}],"collection":[{"href":"https:\/\/schachclub-floersheim.de\/wp\/wp-json\/wp\/v2\/tribe_events"}],"about":[{"href":"https:\/\/schachclub-floersheim.de\/wp\/wp-json\/wp\/v2\/types\/tribe_events"}],"author":[{"embeddable":true,"href":"https:\/\/schachclub-floersheim.de\/wp\/wp-json\/wp\/v2\/users\/2"}],"version-history":[{"count":2,"href":"https:\/\/schachclub-floersheim.de\/wp\/wp-json\/wp\/v2\/tribe_events\/6152\/revisions"}],"predecessor-version":[{"id":6226,"href":"https:\/\/schachclub-floersheim.de\/wp\/wp-json\/wp\/v2\/tribe_events\/6152\/revisions\/6226"}],"wp:attachment":[{"href":"https:\/\/schachclub-floersheim.de\/wp\/wp-json\/wp\/v2\/media?parent=6152"}],"wp:term":[{"taxonomy":"post_tag","embeddable":true,"href":"https:\/\/schachclub-floersheim.de\/wp\/wp-json\/wp\/v2\/tags?post=6152"},{"taxonomy":"tribe_events_cat","embeddable":true,"href":"https:\/\/schachclub-floersheim.de\/wp\/wp-json\/wp\/v2\/tribe_events_cat?post=6152"}],"curies":[{"name":"wp","href":"https:\/\/api.w.org\/{rel}","templated":true}]}}